{"id":36867,"date":"2021-04-02T17:51:32","date_gmt":"2021-04-02T15:51:32","guid":{"rendered":"https:\/\/www.servicecitoyen.ch\/sich-beteiligen\/"},"modified":"2024-05-11T19:53:23","modified_gmt":"2024-05-11T17:53:23","slug":"mitmachen","status":"publish","type":"page","link":"https:\/\/milizengagement.ch\/de\/mitmachen\/","title":{"rendered":"Mitmachen"},"content":{"rendered":"<p>[et_pb_section fb_built=&#8220;1&#8243; _builder_version=&#8220;4.16&#8243; _module_preset=&#8220;default&#8220; custom_padding=&#8220;||0px|||&#8220; global_colors_info=&#8220;{}&#8220;][\/et_pb_section][et_pb_section fb_built=&#8220;1&#8243; _builder_version=&#8220;4.16&#8243; _module_preset=&#8220;default&#8220; background_enable_color=&#8220;off&#8220; use_background_color_gradient=&#8220;on&#8220; background_color_gradient_stops=&#8220;rgba(0,0,0,0.48) 40%|rgba(0,0,0,0) 100%&#8220; background_color_gradient_start=&#8220;rgba(0,0,0,0.48)&#8220; background_color_gradient_start_position=&#8220;40%&#8220; background_color_gradient_end=&#8220;rgba(0,0,0,0)&#8220; background_image=&#8220;https:\/\/www.servicecitoyen.ch\/wp-content\/uploads\/2021\/03\/Participer-scaled.jpg&#8220; background_blend=&#8220;overlay&#8220; height=&#8220;730px&#8220; height_tablet=&#8220;500px&#8220; height_phone=&#8220;350px&#8220; height_last_edited=&#8220;on|phone&#8220; custom_margin_tablet=&#8220;100px||||false|false&#8220; custom_margin_phone=&#8220;50px||||false|false&#8220; custom_margin_last_edited=&#8220;on|phone&#8220; custom_padding=&#8220;0px||190px|||&#8220; background_last_edited=&#8220;on|phone&#8220; background_color_gradient_stops_tablet=&#8220;rgba(0,0,0,0.48) 40%|rgba(0,0,0,0) 100%&#8220; background_color_gradient_stops_phone=&#8220;rgba(0,0,0,0.48) 40%|rgba(0,0,0,0) 100%&#8220; background_color_gradient_start_position_tablet=&#8220;40%&#8220; background_color_gradient_start_position_phone=&#8220;40%&#8220; global_colors_info=&#8220;{}&#8220;][et_pb_row _builder_version=&#8220;4.16&#8243; _module_preset=&#8220;default&#8220; custom_padding=&#8220;0px|||||&#8220; global_colors_info=&#8220;{}&#8220;][et_pb_column type=&#8220;4_4&#8243; _builder_version=&#8220;4.16&#8243; _module_preset=&#8220;default&#8220; global_colors_info=&#8220;{}&#8220;][et_pb_text _builder_version=&#8220;4.16&#8243; _module_preset=&#8220;default&#8220; header_font=&#8220;Oswald|500||on|||||&#8220; header_text_color=&#8220;#ffffff&#8220; header_font_size=&#8220;140px&#8220; header_4_font=&#8220;Merriweather||||||||&#8220; header_4_text_color=&#8220;#ff2179&#8243; header_4_font_size=&#8220;24px&#8220; width=&#8220;100%&#8220; width_tablet=&#8220;&#8220; width_phone=&#8220;&#8220; width_last_edited=&#8220;on|phone&#8220; module_alignment=&#8220;center&#8220; custom_padding=&#8220;10vw|||45px|false|false&#8220; custom_padding_tablet=&#8220;12vw|||45px|false|false&#8220; custom_padding_phone=&#8220;18vw|||15px|false|false&#8220; custom_padding_last_edited=&#8220;on|tablet&#8220; header_font_size_tablet=&#8220;11vw&#8220; header_font_size_phone=&#8220;13vw&#8220; header_font_size_last_edited=&#8220;on|phone&#8220; header_4_font_size_tablet=&#8220;20px&#8220; header_4_font_size_phone=&#8220;16px&#8220; header_4_font_size_last_edited=&#8220;on|phone&#8220; border_width_left=&#8220;3px&#8220; border_color_left=&#8220;#ff2179&#8243; locked=&#8220;off&#8220; global_colors_info=&#8220;{}&#8220;]<\/p>\n<h4>Wir bauen an der Schweiz von morgen<\/h4>\n<h1>MACH MIT!<\/h1>\n<p>[\/et_pb_text][\/et_pb_column][\/et_pb_row][\/et_pb_section][et_pb_section fb_built=&#8220;1&#8243; custom_padding_last_edited=&#8220;on|phone&#8220; _builder_version=&#8220;4.16&#8243; _module_preset=&#8220;default&#8220; custom_padding=&#8220;80px||150px|0px||&#8220; custom_padding_tablet=&#8220;&#8220; custom_padding_phone=&#8220;40px||||false|false&#8220; global_colors_info=&#8220;{}&#8220;][et_pb_row column_structure=&#8220;1_2,1_2&#8243; make_equal=&#8220;on&#8220; _builder_version=&#8220;4.24.2&#8243; _module_preset=&#8220;default&#8220; background_color=&#8220;#ffffff&#8220; custom_margin=&#8220;||||false|false&#8220; custom_padding=&#8220;||||false|false&#8220; global_colors_info=&#8220;{}&#8220;][et_pb_column type=&#8220;1_2&#8243; _builder_version=&#8220;4.16&#8243; _module_preset=&#8220;default&#8220; background_color=&#8220;#242b38&#8243; custom_padding=&#8220;25px|25px|25px|25px|true|true&#8220; border_radii=&#8220;on|8px|8px|8px|8px&#8220; global_colors_info=&#8220;{}&#8220;][et_pb_blurb title=&#8220;VORNE DABEI&#8220; image=&#8220;https:\/\/www.servicecitoyen.ch\/wp-content\/uploads\/2021\/03\/motivation02-1.png&#8220; image_icon_width=&#8220;26%&#8220; image_icon_width_tablet=&#8220;15%&#8220; image_icon_width_phone=&#8220;26%&#8220; image_icon_width_last_edited=&#8220;on|phone&#8220; _builder_version=&#8220;4.16&#8243; _module_preset=&#8220;default&#8220; header_font=&#8220;|600||on|||||&#8220; header_text_align=&#8220;center&#8220; header_text_color=&#8220;#FFFFFF&#8220; body_text_align=&#8220;center&#8220; body_text_color=&#8220;#FFFFFF&#8220; body_font_size=&#8220;16px&#8220; custom_padding=&#8220;||||false|false&#8220; body_font_size_phone=&#8220;15px&#8220; body_font_size_last_edited=&#8220;off|phone&#8220; image_max_width=&#8220;26%&#8220; image_max_width_tablet=&#8220;15%&#8220; image_max_width_phone=&#8220;26%&#8220; image_max_width_last_edited=&#8220;on|phone&#8220; global_colors_info=&#8220;{}&#8220;]<\/p>\n<p style=\"text-align: left;\">Denkst du, die Sache lohnt sich? Dann werde Mitglied im Verein und\/oder spende deine Zeit im \u00a0Team von ServiceCitoyen.ch<\/p>\n<p>[\/et_pb_blurb][et_pb_button button_url=&#8220;https:\/\/milizengagement.ch\/de\/mitglied-werden\/&#8220; button_text=&#8220;Ich werde Mitglied&#8220; button_alignment=&#8220;center&#8220; _builder_version=&#8220;4.18.0&#8243; _module_preset=&#8220;default&#8220; custom_button=&#8220;on&#8220; button_text_size=&#8220;16px&#8220; button_text_color=&#8220;#FFFFFF&#8220; button_bg_color=&#8220;#ff2179&#8243; button_border_color=&#8220;#ff2179&#8243; button_border_radius=&#8220;6px&#8220; button_font=&#8220;|600||on|||||&#8220; global_colors_info=&#8220;{}&#8220;][\/et_pb_button][et_pb_button button_url=&#8220;#mitarbeiten&#8220; button_text=&#8220;Ich werde Teil vom Team&#8220; button_alignment=&#8220;center&#8220; _builder_version=&#8220;4.18.0&#8243; _module_preset=&#8220;default&#8220; custom_button=&#8220;on&#8220; button_text_size=&#8220;16px&#8220; button_text_color=&#8220;#FFFFFF&#8220; button_bg_color=&#8220;#ff2179&#8243; button_border_color=&#8220;#ff2179&#8243; button_border_radius=&#8220;6px&#8220; button_font=&#8220;|600||on|||||&#8220; global_colors_info=&#8220;{}&#8220;][\/et_pb_button][\/et_pb_column][et_pb_column type=&#8220;1_2&#8243; _builder_version=&#8220;4.16&#8243; _module_preset=&#8220;default&#8220; background_color=&#8220;#242b38&#8243; custom_padding=&#8220;25px|25px|25px|25px|true|true&#8220; border_radii=&#8220;on|8px|8px|8px|8px&#8220; global_colors_info=&#8220;{}&#8220;][et_pb_blurb title=&#8220;JEDER RAPPEN Z\u00c4HLT!&#8220; use_icon=&#8220;on&#8220; font_icon=&#8220;&#xe014;||divi||400&#8243; image_icon_width=&#8220;68px&#8220; _builder_version=&#8220;4.16&#8243; _module_preset=&#8220;default&#8220; header_font=&#8220;|600||on|||||&#8220; header_text_align=&#8220;center&#8220; header_text_color=&#8220;#FFFFFF&#8220; body_text_align=&#8220;center&#8220; body_text_color=&#8220;#FFFFFF&#8220; body_font_size=&#8220;16px&#8220; custom_padding=&#8220;||||false|false&#8220; body_font_size_phone=&#8220;15px&#8220; body_font_size_last_edited=&#8220;off|desktop&#8220; icon_font_size=&#8220;68px&#8220; global_colors_info=&#8220;{}&#8220;]<\/p>\n<p style=\"text-align: left;\">Keine Zeit? Kein Problem! F\u00fcr die Professionalisierung unserer Aktivit\u00e4ten und das Voranbringen unseres Anliegens ben\u00f6tigen wir (auch) deine finanzielle Unterst\u00fctzung.<\/p>\n<p>[\/et_pb_blurb][et_pb_button button_url=&#8220;https:\/\/www.servicecitoyen.ch\/de\/spenden\/&#8220; button_text=&#8220;Ich spende&#8220; button_alignment=&#8220;center&#8220; _builder_version=&#8220;4.16&#8243; _module_preset=&#8220;default&#8220; custom_button=&#8220;on&#8220; button_text_size=&#8220;16px&#8220; button_text_color=&#8220;#FFFFFF&#8220; button_bg_color=&#8220;#ff2179&#8243; button_border_color=&#8220;#ff2179&#8243; button_border_radius=&#8220;6px&#8220; button_font=&#8220;|600||on|||||&#8220; custom_margin=&#8220;||||false|false&#8220; global_colors_info=&#8220;{}&#8220;][\/et_pb_button][\/et_pb_column][\/et_pb_row][et_pb_row column_structure=&#8220;1_3,1_3,1_3&#8243; make_equal=&#8220;on&#8220; _builder_version=&#8220;4.16&#8243; _module_preset=&#8220;default&#8220; background_color=&#8220;#ffffff&#8220; custom_margin=&#8220;||||false|false&#8220; custom_padding=&#8220;||||false|false&#8220; global_colors_info=&#8220;{}&#8220;][et_pb_column type=&#8220;1_3&#8243; _builder_version=&#8220;4.16&#8243; _module_preset=&#8220;default&#8220; background_color=&#8220;#242b38&#8243; custom_padding=&#8220;25px|25px|25px|25px|true|true&#8220; border_radii=&#8220;on|8px|8px|8px|8px&#8220; global_colors_info=&#8220;{}&#8220;][et_pb_blurb title=&#8220;MUND ZU MUND&#8220; use_icon=&#8220;on&#8220; font_icon=&#8220;&#xe069;||divi||400&#8243; image_icon_width=&#8220;68px&#8220; _builder_version=&#8220;4.16&#8243; _module_preset=&#8220;default&#8220; header_font=&#8220;|600||on|||||&#8220; header_text_align=&#8220;center&#8220; header_text_color=&#8220;#FFFFFF&#8220; body_text_align=&#8220;center&#8220; body_text_color=&#8220;#FFFFFF&#8220; body_font_size=&#8220;16px&#8220; body_font_size_phone=&#8220;15px&#8220; body_font_size_last_edited=&#8220;off|desktop&#8220; icon_font_size=&#8220;68px&#8220; global_colors_info=&#8220;{}&#8220;]<\/p>\n<p style=\"text-align: left;\">Steter Tropfen h\u00f6hlt den Stein. Sprich mit deinem Umfeld, teile deine \u00dcberzeugung und begeistere f\u00fcr unser Anliegen. Einer f\u00fcr alle, alle f\u00fcr Einen! Zusammen werden wir geh\u00f6rt!<\/p>\n<p>[\/et_pb_blurb][et_pb_text _builder_version=&#8220;4.16&#8243; _module_preset=&#8220;default&#8220; text_font=&#8220;|600||on|||||&#8220; text_text_color=&#8220;#ff2179&#8243; text_font_size=&#8220;20px&#8220; text_orientation=&#8220;center&#8220; global_colors_info=&#8220;{}&#8220;]<\/p>\n<p>#Ich spreche davon<\/p>\n<p>[\/et_pb_text][\/et_pb_column][et_pb_column type=&#8220;1_3&#8243; _builder_version=&#8220;4.16&#8243; _module_preset=&#8220;default&#8220; background_color=&#8220;#242b38&#8243; custom_padding=&#8220;25px|25px|25px|25px|true|true&#8220; border_radii=&#8220;on|8px|8px|8px|8px&#8220; global_colors_info=&#8220;{}&#8220;][et_pb_blurb title=&#8220;F\u00dcR EINE INFORMIERTE DEBATTE&#8220; use_icon=&#8220;on&#8220; font_icon=&#8220;&#xe007;||divi||400&#8243; image_icon_width=&#8220;68px&#8220; _builder_version=&#8220;4.16&#8243; _module_preset=&#8220;default&#8220; header_font=&#8220;|600||on|||||&#8220; header_text_align=&#8220;center&#8220; header_text_color=&#8220;#FFFFFF&#8220; body_text_align=&#8220;center&#8220; body_text_color=&#8220;#FFFFFF&#8220; body_font_size=&#8220;16px&#8220; body_font_size_phone=&#8220;15px&#8220; body_font_size_last_edited=&#8220;off|desktop&#8220; icon_font_size=&#8220;68px&#8220; global_colors_info=&#8220;{}&#8220;]<\/p>\n<p style=\"text-align: left;\">To know is to be. Hol dir Hintergrundwissen, studiere Fachliteratur und kn\u00fcpfe Kontakte &#8211; beispielsweise via unserem Centre23. So bist du gewappnet f\u00fcr eine starke Debatte dar\u00fcber, was unsere Schweiz im Innersten zusammenh\u00e4lt.<\/p>\n<p>[\/et_pb_blurb][et_pb_text _builder_version=&#8220;4.16&#8243; _module_preset=&#8220;default&#8220; text_font=&#8220;|600||on|||||&#8220; text_text_color=&#8220;#ff2179&#8243; text_font_size=&#8220;20px&#8220; text_orientation=&#8220;center&#8220; global_colors_info=&#8220;{}&#8220;]<\/p>\n<p>#Ich informiere mich<\/p>\n<p>[\/et_pb_text][\/et_pb_column][et_pb_column type=&#8220;1_3&#8243; _builder_version=&#8220;4.16&#8243; _module_preset=&#8220;default&#8220; background_color=&#8220;#242b38&#8243; custom_padding=&#8220;25px|25px|25px|25px|true|true&#8220; border_radii=&#8220;on|8px|8px|8px|8px&#8220; global_colors_info=&#8220;{}&#8220;][et_pb_blurb title=&#8220;MEIN LEBEN; MEINE ENGAGEMENTS&#8220; use_icon=&#8220;on&#8220; font_icon=&#8220;&#xe030;||divi||400&#8243; image_icon_width=&#8220;68px&#8220; _builder_version=&#8220;4.16&#8243; _module_preset=&#8220;default&#8220; header_font=&#8220;|600||on|||||&#8220; header_text_align=&#8220;center&#8220; header_text_color=&#8220;#FFFFFF&#8220; body_text_align=&#8220;center&#8220; body_text_color=&#8220;#FFFFFF&#8220; body_font_size=&#8220;16px&#8220; body_font_size_phone=&#8220;15px&#8220; body_font_size_last_edited=&#8220;off|desktop&#8220; icon_font_size=&#8220;68px&#8220; global_colors_info=&#8220;{}&#8220;]<\/p>\n<p style=\"text-align: left;\">Das Milizprinzip ist die Bereitschaft zum Handeln jedes Einzelnen. Was sind deine Miliz- oder Freiwilligenarbeiterfahrungen? Erz\u00e4hl uns und anderen davon.<\/p>\n<p>[\/et_pb_blurb][et_pb_button button_url=&#8220;mailto:secretariat@servicecitoyen.ch&#8220; button_text=&#8220;Ich erz\u00e4hle mit&#8220; button_alignment=&#8220;center&#8220; _builder_version=&#8220;4.18.0&#8243; _module_preset=&#8220;default&#8220; custom_button=&#8220;on&#8220; button_text_size=&#8220;16px&#8220; button_text_color=&#8220;#FFFFFF&#8220; button_bg_color=&#8220;#ff2179&#8243; button_border_color=&#8220;#ff2179&#8243; button_border_radius=&#8220;6px&#8220; button_font=&#8220;|600||on|||||&#8220; global_colors_info=&#8220;{}&#8220;][\/et_pb_button][\/et_pb_column][\/et_pb_row][et_pb_row custom_padding_last_edited=&#8220;on|phone&#8220; _builder_version=&#8220;4.16&#8243; _module_preset=&#8220;default&#8220; custom_padding_tablet=&#8220;&#8220; custom_padding_phone=&#8220;||0px||false|false&#8220; locked=&#8220;off&#8220; global_colors_info=&#8220;{}&#8220;][et_pb_column type=&#8220;4_4&#8243; _builder_version=&#8220;4.16&#8243; _module_preset=&#8220;default&#8220; global_colors_info=&#8220;{}&#8220;][et_pb_text _builder_version=&#8220;4.18.0&#8243; _module_preset=&#8220;default&#8220; text_font=&#8220;Oswald|600|||||||&#8220; text_text_color=&#8220;#ff2179&#8243; header_text_color=&#8220;#242b38&#8243; header_2_font=&#8220;Oswald|600||on|||||&#8220; header_2_text_color=&#8220;#242b38&#8243; header_2_font_size=&#8220;38px&#8220; header_2_line_height=&#8220;1.4em&#8220; custom_padding_tablet=&#8220;&#8220; custom_padding_phone=&#8220;&#8220; custom_padding_last_edited=&#8220;on|phone&#8220; header_2_font_size_tablet=&#8220;&#8220; header_2_font_size_phone=&#8220;24px&#8220; header_2_font_size_last_edited=&#8220;on|phone&#8220; global_colors_info=&#8220;{}&#8220;]<\/p>\n<h2 style=\"text-align: left;\">MOMENTAN SUCHEN WIR NACH ENGAGIERTEN <span style=\"color: #ff2278;\">Freiwilligen<\/span>\u00a0INSBESONDERE F\u00dcR:<\/h2>\n<p>[\/et_pb_text][\/et_pb_column][\/et_pb_row][et_pb_row column_structure=&#8220;1_2,1_2&#8243; make_equal=&#8220;on&#8220; _builder_version=&#8220;4.24.2&#8243; _module_preset=&#8220;default&#8220; width_tablet=&#8220;&#8220; width_phone=&#8220;95%&#8220; width_last_edited=&#8220;on|phone&#8220; custom_margin=&#8220;||||false|false&#8220; custom_padding=&#8220;||||false|false&#8220; locked=&#8220;off&#8220; global_colors_info=&#8220;{}&#8220; background_color=&#8220;#ffffff&#8220; hover_enabled=&#8220;0&#8243; sticky_enabled=&#8220;0&#8243;][et_pb_column type=&#8220;1_2&#8243; _builder_version=&#8220;4.16&#8243; _module_preset=&#8220;default&#8220; background_color=&#8220;#242b38&#8243; custom_padding=&#8220;25px|25px|25px|25px|true|true&#8220; border_radii=&#8220;on|8px|8px|8px|8px&#8220; global_colors_info=&#8220;{}&#8220;][et_pb_blurb title=&#8220;Punktuelle Hilfe (AB 2H \/ Woche) &#8220; image_icon_width=&#8220;25%&#8220; content_tablet=&#8220;&#8220; content_phone=&#8220;<\/p>\n<p style=%22text-align: left;%22> Die Redaktionsleitung koordiniert in Absprache mit der Gesch\u00e4ftsleitung und dem Sekretariat alle redaktionellen Belange des Vereins. Dazu geh\u00f6ren die Verteilung der Aufgaben innerhalb des Teams, den Kontakt mit den \u00dcbersetzern (d\/f\/i) wie auch das eigene Verfassen von Briefen und Texten. Kenntnisse einer zweiten Landessprache wie auch ein Flair f\u00fcr das Organisatorische sind in dieser Position hilfreich. Folgende Verantwortlichkeiten sind zentral:<\/p>\n<ul>\n<li style=%22text-align: left;%22>Erstellen von Briefen, Texten und Web-Content<\/li>\n<li style=%22text-align: left;%22> Planung und Redaktion des Newsletters<\/li>\n<li style=%22text-align: left;%22> Koordination von \u00dcbersetzungen<\/li>\n<li style=%22text-align: left;%22> Koordination von Lektorat \/ Co-Lektorat<\/li>\n<li style=%22text-align: left;%22> Teilnahme an Sekretariats- und Vorstandssitzungen<\/li>\n<\/ul>\n<p>&#8220; content_last_edited=&#8220;on|phone&#8220; _builder_version=&#8220;4.16&#8243; _module_preset=&#8220;default&#8220; header_font=&#8220;Oswald|500||on|||||&#8220; header_text_align=&#8220;center&#8220; header_text_color=&#8220;#ff2179&#8243; header_font_size=&#8220;22px&#8220; header_line_height=&#8220;1.4em&#8220; body_text_align=&#8220;center&#8220; body_text_color=&#8220;#FFFFFF&#8220; body_font_size=&#8220;16px&#8220; custom_margin=&#8220;||0px||false|false&#8220; custom_padding=&#8220;10px|10px|0px|10px|false|true&#8220; body_font_size_phone=&#8220;15px&#8220; body_font_size_last_edited=&#8220;off|desktop&#8220; image_max_width=&#8220;25%&#8220; global_colors_info=&#8220;{}&#8220;]<\/p>\n<p style=\"text-align: left;\">Um unseren Verein am Laufen zu halten, der haupts\u00e4chlich durch ehrenamtliche Arbeit funktioniert, brauchen wir Unterst\u00fctzung von allen die m\u00f6chten. Du kannst uns punktuell helfen, z.B. bei einer der folgenden Aufgaben?<\/p>\n<ul>\n<li style=\"text-align: left;\">Briefe und Pakete vorbereiten und versenden<\/li>\n<li style=\"text-align: left;\">Triage der digitalen Post<\/li>\n<li style=\"text-align: left;\">Beantwortung von Anfragen<\/li>\n<li style=\"text-align: left;\">Organisieren von Veranstaltungen<\/li>\n<li style=\"text-align: left;\">\u00dcbersetzungsarbeiten<\/li>\n<\/ul>\n<p>[\/et_pb_blurb][et_pb_button button_url=&#8220;#postuler&#8220; button_text=&#8220;BEWERBEN&#8220; button_alignment=&#8220;center&#8220; _builder_version=&#8220;4.16&#8243; _module_preset=&#8220;default&#8220; custom_button=&#8220;on&#8220; button_text_size=&#8220;16px&#8220; button_text_color=&#8220;#FFFFFF&#8220; button_bg_color=&#8220;#ff2179&#8243; button_border_color=&#8220;#ff2179&#8243; button_border_radius=&#8220;6px&#8220; button_font=&#8220;|600||on|||||&#8220; custom_margin=&#8220;0px||||false|false&#8220; custom_padding=&#8220;||||false|false&#8220; global_colors_info=&#8220;{}&#8220;][\/et_pb_button][\/et_pb_column][et_pb_column type=&#8220;1_2&#8243; _builder_version=&#8220;4.24.2&#8243; _module_preset=&#8220;default&#8220; global_colors_info=&#8220;{}&#8220; background_color=&#8220;#242b38&#8243; custom_padding=&#8220;25px|25px|25px|25px|true|true&#8220; border_radii=&#8220;on|8px|8px|8px|8px&#8220;][et_pb_blurb title=&#8220;InFluencer (ca. 3h \/ Woche)&#8220; image_icon_width=&#8220;25%&#8220; _builder_version=&#8220;4.24.2&#8243; _module_preset=&#8220;default&#8220; header_font=&#8220;Oswald|500||on|||||&#8220; header_text_align=&#8220;center&#8220; header_text_color=&#8220;#ff2179&#8243; header_font_size=&#8220;22px&#8220; header_line_height=&#8220;1.4em&#8220; body_text_align=&#8220;left&#8220; body_text_color=&#8220;#FFFFFF&#8220; body_font_size=&#8220;16px&#8220; custom_margin=&#8220;||0px||false|false&#8220; custom_padding=&#8220;10px|10px|0px|10px|false|true&#8220; body_font_size_phone=&#8220;15px&#8220; body_font_size_last_edited=&#8220;off|desktop&#8220; image_max_width=&#8220;25%&#8220; global_colors_info=&#8220;{}&#8220;]<\/p>\n<p>Du bist ein Social-Media Ass und liebst es, spannende Posts auf Twitter, Facebook &amp; Co. zu ver\u00f6ffentlichen? Dann unterst\u00fctze unser Kommunikations-Team und hilf uns dabei, den Milizgeist in der Schweizer Bev\u00f6lkerung zu reaktivieren! Als \u00abInfluencer\u00bb stehst du an vorderster Front und hilfst mit, unsere Kommunikationsstrategien umzusetzen. Das erwartet dich:<\/p>\n<ul>\n<li>Ver\u00f6ffentlichung von Posts auf den Social Media Plattformen (Twitter, Instagram, Facebook)<\/li>\n<li>Erstellung von Social-Media Content (Grafiken, Bilder)<\/li>\n<li>Pflege des Social-Media Auftritts vom Verein<\/li>\n<\/ul>\n<p>[\/et_pb_blurb][et_pb_button button_url=&#8220;#postuler&#8220; button_text=&#8220;BEWERBEN&#8220; button_alignment=&#8220;center&#8220; _builder_version=&#8220;4.16&#8243; _module_preset=&#8220;default&#8220; custom_button=&#8220;on&#8220; button_text_size=&#8220;16px&#8220; button_text_color=&#8220;#FFFFFF&#8220; button_bg_color=&#8220;#ff2179&#8243; button_border_color=&#8220;#ff2179&#8243; button_border_radius=&#8220;6px&#8220; button_font=&#8220;|600||on|||||&#8220; custom_margin=&#8220;0px||||false|false&#8220; custom_padding=&#8220;||||false|false&#8220; global_colors_info=&#8220;{}&#8220;][\/et_pb_button][\/et_pb_column][\/et_pb_row][et_pb_row column_structure=&#8220;1_2,1_2&#8243; make_equal=&#8220;on&#8220; disabled_on=&#8220;on|on|on&#8220; module_id=&#8220;mitarbeiten&#8220; _builder_version=&#8220;4.24.2&#8243; _module_preset=&#8220;default&#8220; background_color=&#8220;#ffffff&#8220; width_tablet=&#8220;&#8220; width_phone=&#8220;95%&#8220; width_last_edited=&#8220;on|phone&#8220; custom_margin=&#8220;||||false|false&#8220; custom_padding=&#8220;||||false|false&#8220; disabled=&#8220;on&#8220; locked=&#8220;off&#8220; global_colors_info=&#8220;{}&#8220;][et_pb_column type=&#8220;1_2&#8243; _builder_version=&#8220;4.16&#8243; _module_preset=&#8220;default&#8220; background_color=&#8220;#242b38&#8243; custom_padding=&#8220;25px|25px|25px|25px|true|true&#8220; border_radii=&#8220;on|8px|8px|8px|8px&#8220; global_colors_info=&#8220;{}&#8220;][et_pb_blurb title=&#8220;leitung IT (20% oder mehr)&#8220; image_icon_width=&#8220;25%&#8220; _builder_version=&#8220;4.16&#8243; _module_preset=&#8220;default&#8220; header_font=&#8220;Oswald|500||on|||||&#8220; header_text_align=&#8220;center&#8220; header_text_color=&#8220;#ff2179&#8243; header_font_size=&#8220;22px&#8220; header_line_height=&#8220;1.4em&#8220; body_text_align=&#8220;left&#8220; body_text_color=&#8220;#FFFFFF&#8220; body_font_size=&#8220;16px&#8220; custom_margin=&#8220;||0px||false|false&#8220; custom_padding=&#8220;10px|10px|0px|10px|false|true&#8220; body_font_size_phone=&#8220;15px&#8220; body_font_size_last_edited=&#8220;off|phone&#8220; image_max_width=&#8220;25%&#8220; global_colors_info=&#8220;{}&#8220;]<\/p>\n<p>Unsere Webseite muss regelm\u00e4ssig gepflegt und unterhalten werden, wichtige technische Updates ausgef\u00fchrt sowie auch ein Support f\u00fcr unsere internen IT-Systeme gew\u00e4hrleistet werden. In dieser Rolle agierst du zwar eher im Hintergrund, bist aber ein wichtiges Bindeglied zwischen Vorstand, Gesch\u00e4ftsleitung und allen Mitarbeitenden und hilfst mit, das Projekt zum Erfolg zu f\u00fchren. Berufliche oder private Vorerfahrung im IT-Bereich ist f\u00fcr diese Position hilfreich. Das wird dich erwarten:<\/p>\n<ul>\n<li>Unterhalt und Pflege unserer Webseite<\/li>\n<li>Unterhalt und Pflege unseres CRM-Systems<\/li>\n<li>Technischer Supports f\u00fcr Vereinsmitglieder<\/li>\n<li>Planung &amp; Implementierung neuer Reporting- und Kommunikationstools<\/li>\n<\/ul>\n<p>[\/et_pb_blurb][et_pb_button button_url=&#8220;#postuler&#8220; button_text=&#8220;BEWERBEN&#8220; button_alignment=&#8220;center&#8220; _builder_version=&#8220;4.16&#8243; _module_preset=&#8220;default&#8220; custom_button=&#8220;on&#8220; button_text_size=&#8220;16px&#8220; button_text_color=&#8220;#FFFFFF&#8220; button_bg_color=&#8220;#ff2179&#8243; button_border_color=&#8220;#ff2179&#8243; button_border_radius=&#8220;6px&#8220; button_font=&#8220;|600||on|||||&#8220; custom_margin=&#8220;0px||||false|false&#8220; custom_padding=&#8220;||||false|false&#8220; global_colors_info=&#8220;{}&#8220;][\/et_pb_button][\/et_pb_column][et_pb_column type=&#8220;1_2&#8243; _builder_version=&#8220;4.16&#8243; _module_preset=&#8220;default&#8220; background_color=&#8220;#242b38&#8243; custom_padding=&#8220;25px|25px|25px|25px|true|true&#8220; border_radii=&#8220;on|8px|8px|8px|8px&#8220; global_colors_info=&#8220;{}&#8220;][et_pb_blurb title=&#8220;LEITUNG PUBLIC RELATIONS (20% ODER MEHR)&#8220; image_icon_width=&#8220;25%&#8220; _builder_version=&#8220;4.18.0&#8243; _module_preset=&#8220;default&#8220; header_font=&#8220;Oswald|500||on|||||&#8220; header_text_align=&#8220;center&#8220; header_text_color=&#8220;#ff2179&#8243; header_font_size=&#8220;22px&#8220; header_line_height=&#8220;1.4em&#8220; body_text_align=&#8220;left&#8220; body_text_color=&#8220;#FFFFFF&#8220; body_font_size=&#8220;16px&#8220; custom_margin=&#8220;||0px||false|false&#8220; custom_padding=&#8220;10px|10px|0px|10px|false|true&#8220; body_font_size_phone=&#8220;15px&#8220; body_font_size_last_edited=&#8220;off|desktop&#8220; image_max_width=&#8220;25%&#8220; global_colors_info=&#8220;{}&#8220;]<\/p>\n<p>Das Networking liegt dir im Blut und du w\u00fcrdest gerne die Kontaktpflege zu unseren Partnern und Mitgliedern anf\u00fchren? Dann brauchen wir genau dich, um die Koordination dieser Belange zu \u00fcbernehmen! Die Leitung der Public Relations steht im engen Austausch mit dem Pr\u00e4sidium, bzw. der Gesch\u00e4ftsleitung und erarbeitet Strategien zum stetigen Ausbau unseres Netzwerks. Erfahrung im politischen Umfeld sowie ein pers\u00f6nliches Netzwerk in diesem Bereich sind f\u00fcr diese Position von Vorteil. Unter anderem wird Dich das erwarten:<\/p>\n<ul>\n<li>Koordination und Pflege des Netzwerks (Parteien, Organisationen, Pers\u00f6nlichkeiten)<\/li>\n<li>Entwicklung von PR-Strategien in Zusammenarbeit mit dem Pr\u00e4sidium<\/li>\n<li>Pflege der Kontaktdatenbank (CRM-System)<\/li>\n<\/ul>\n<p>[\/et_pb_blurb][et_pb_button button_url=&#8220;#postuler&#8220; button_text=&#8220;BEWERBEN&#8220; button_alignment=&#8220;center&#8220; _builder_version=&#8220;4.16&#8243; _module_preset=&#8220;default&#8220; custom_button=&#8220;on&#8220; button_text_size=&#8220;16px&#8220; button_text_color=&#8220;#FFFFFF&#8220; button_bg_color=&#8220;#ff2179&#8243; button_border_color=&#8220;#ff2179&#8243; button_border_radius=&#8220;6px&#8220; button_font=&#8220;|600||on|||||&#8220; custom_margin=&#8220;0px||||false|false&#8220; custom_padding=&#8220;||||false|false&#8220; global_colors_info=&#8220;{}&#8220;][\/et_pb_button][\/et_pb_column][\/et_pb_row][et_pb_row column_structure=&#8220;1_2,1_2&#8243; make_equal=&#8220;on&#8220; disabled_on=&#8220;on|on|on&#8220; _builder_version=&#8220;4.24.2&#8243; _module_preset=&#8220;default&#8220; background_color=&#8220;#ffffff&#8220; width_tablet=&#8220;&#8220; width_phone=&#8220;95%&#8220; width_last_edited=&#8220;on|phone&#8220; custom_margin=&#8220;||||false|false&#8220; custom_padding=&#8220;||||false|false&#8220; disabled=&#8220;on&#8220; locked=&#8220;off&#8220; global_colors_info=&#8220;{}&#8220;][et_pb_column type=&#8220;1_2&#8243; _builder_version=&#8220;4.16&#8243; _module_preset=&#8220;default&#8220; background_color=&#8220;#242b38&#8243; custom_padding=&#8220;25px|25px|25px|25px|true|true&#8220; border_radii=&#8220;on|8px|8px|8px|8px&#8220; global_colors_info=&#8220;{}&#8220;][et_pb_blurb title=&#8220;Mitarbeit Redaktion (10% oder mehr)&#8220; image_icon_width=&#8220;25%&#8220; content_tablet=&#8220;&#8220; content_phone=&#8220;<\/p>\n<p style=%22text-align: left;%22> Die Redaktionsleitung koordiniert in Absprache mit der Gesch\u00e4ftsleitung und dem Sekretariat alle redaktionellen Belange des Vereins. Dazu geh\u00f6ren die Verteilung der Aufgaben innerhalb des Teams, den Kontakt mit den \u00dcbersetzern (d\/f\/i) wie auch das eigene Verfassen von Briefen und Texten. Kenntnisse einer zweiten Landessprache wie auch ein Flair f\u00fcr das Organisatorische sind in dieser Position hilfreich. Folgende Verantwortlichkeiten sind zentral:<\/p>\n<ul>\n<li style=%22text-align: left;%22>Erstellen von Briefen, Texten und Web-Content<\/li>\n<li style=%22text-align: left;%22> Planung und Redaktion des Newsletters<\/li>\n<li style=%22text-align: left;%22> Koordination von \u00dcbersetzungen<\/li>\n<li style=%22text-align: left;%22> Koordination von Lektorat \/ Co-Lektorat<\/li>\n<li style=%22text-align: left;%22> Teilnahme an Sekretariats- und Vorstandssitzungen<\/li>\n<\/ul>\n<p>&#8220; content_last_edited=&#8220;on|phone&#8220; _builder_version=&#8220;4.16&#8243; _module_preset=&#8220;default&#8220; header_font=&#8220;Oswald|500||on|||||&#8220; header_text_align=&#8220;center&#8220; header_text_color=&#8220;#ff2179&#8243; header_font_size=&#8220;22px&#8220; header_line_height=&#8220;1.4em&#8220; body_text_align=&#8220;center&#8220; body_text_color=&#8220;#FFFFFF&#8220; body_font_size=&#8220;16px&#8220; custom_margin=&#8220;||0px||false|false&#8220; custom_padding=&#8220;10px|10px|0px|10px|false|true&#8220; body_font_size_phone=&#8220;15px&#8220; body_font_size_last_edited=&#8220;off|desktop&#8220; image_max_width=&#8220;25%&#8220; global_colors_info=&#8220;{}&#8220;]<\/p>\n<p style=\"text-align: left;\">Hast du schon immer davon getr\u00e4umt, Schriftsteller oder Journalist zu werden? Du beherrschst mindestens zwei Landessprachen? Dann werde Teil unseres Redaktionsteams und bringe deine Talente ein! Im Einzelnen geht es um Folgendes:<\/p>\n<ul>\n<li style=\"text-align: left;\">Erstellen von Briefen, Texten und Web-Content<\/li>\n<li style=\"text-align: left;\">Erstellen von Newsletter-Artikeln<\/li>\n<li style=\"text-align: left;\">\u00dcbersetzungen DE\/FR &lt;\u2013&gt; DE\/FR\/IT\/RU<\/li>\n<li style=\"text-align: left;\">Koordination von Lektorat \/ Co-Lektorat<\/li>\n<\/ul>\n<p>[\/et_pb_blurb][et_pb_button button_url=&#8220;#postuler&#8220; button_text=&#8220;BEWERBEN&#8220; button_alignment=&#8220;center&#8220; _builder_version=&#8220;4.16&#8243; _module_preset=&#8220;default&#8220; custom_button=&#8220;on&#8220; button_text_size=&#8220;16px&#8220; button_text_color=&#8220;#FFFFFF&#8220; button_bg_color=&#8220;#ff2179&#8243; button_border_color=&#8220;#ff2179&#8243; button_border_radius=&#8220;6px&#8220; button_font=&#8220;|600||on|||||&#8220; custom_margin=&#8220;0px||||false|false&#8220; custom_padding=&#8220;||||false|false&#8220; global_colors_info=&#8220;{}&#8220;][\/et_pb_button][\/et_pb_column][et_pb_column type=&#8220;1_2&#8243; _builder_version=&#8220;4.16&#8243; _module_preset=&#8220;default&#8220; background_color=&#8220;#242b38&#8243; custom_padding=&#8220;25px|25px|25px|25px|true|true&#8220; border_radii=&#8220;on|8px|8px|8px|8px&#8220; global_colors_info=&#8220;{}&#8220;][et_pb_blurb title=&#8220;Leitung Zentrum23 ( 20% oder mehr)&#8220; image_icon_width=&#8220;25%&#8220; _builder_version=&#8220;4.16&#8243; _module_preset=&#8220;default&#8220; header_font=&#8220;Oswald|500||on|||||&#8220; header_text_align=&#8220;center&#8220; header_text_color=&#8220;#ff2179&#8243; header_font_size=&#8220;22px&#8220; header_line_height=&#8220;1.4em&#8220; body_text_align=&#8220;left&#8220; body_text_color=&#8220;#FFFFFF&#8220; body_font_size=&#8220;16px&#8220; custom_margin=&#8220;||0px||false|false&#8220; custom_padding=&#8220;10px|10px|0px|10px|false|true&#8220; body_font_size_phone=&#8220;15px&#8220; body_font_size_last_edited=&#8220;off|desktop&#8220; image_max_width=&#8220;25%&#8220; global_colors_info=&#8220;{}&#8220;]<\/p>\n<p>Die #MitmachSchweiz ist unsere Vision. Diese Philosophie soll auch wissenschaftlich untermauert werden mittels Argumentarien, Manifeste und akademischen Arbeiten. Argumentierst du gerne und kannst Dich in unterschiedliche Positionen hineinversetzen? Dann bist du genau die richtige Person, um sich bei Service Citoyen um die akademischen Belange zu k\u00fcmmern! Das Impulszentrum #MitmachSchweiz ist die \u00abIdeenwerkstatt\u00bb unseres Vereins. Als dessen Leiter\/Leiterin nimmst du direkt Einfluss auf die Weiterentwicklung des Schweizer Milizsystems. Das wird Dich erwarten:<\/p>\n<ul>\n<li>Koordination der Erstellung von inhaltlichen Beitr\u00e4gen zum Schweizer Milizsystem<\/li>\n<li>Projekt-Management in Zusammenarbeit mit der Kampagnen- und Gesch\u00e4ftsleitung<\/li>\n<li>Assistenz des Pr\u00e4sidiums f\u00fcr akademische Belange<\/li>\n<\/ul>\n<p>[\/et_pb_blurb][et_pb_button button_url=&#8220;#postuler&#8220; button_text=&#8220;BEWERBEN&#8220; button_alignment=&#8220;center&#8220; _builder_version=&#8220;4.16&#8243; _module_preset=&#8220;default&#8220; custom_button=&#8220;on&#8220; button_text_size=&#8220;16px&#8220; button_text_color=&#8220;#FFFFFF&#8220; button_bg_color=&#8220;#ff2179&#8243; button_border_color=&#8220;#ff2179&#8243; button_border_radius=&#8220;6px&#8220; button_font=&#8220;|600||on|||||&#8220; custom_margin=&#8220;0px||||false|false&#8220; custom_padding=&#8220;||||false|false&#8220; global_colors_info=&#8220;{}&#8220;][\/et_pb_button][\/et_pb_column][\/et_pb_row][et_pb_row make_equal=&#8220;on&#8220; _builder_version=&#8220;4.16&#8243; _module_preset=&#8220;default&#8220; background_color=&#8220;#ffffff&#8220; width_tablet=&#8220;&#8220; width_phone=&#8220;95%&#8220; width_last_edited=&#8220;on|phone&#8220; custom_margin=&#8220;||||false|false&#8220; custom_padding=&#8220;60px||||false|false&#8220; locked=&#8220;off&#8220; global_colors_info=&#8220;{}&#8220;][et_pb_column type=&#8220;4_4&#8243; _builder_version=&#8220;4.16&#8243; _module_preset=&#8220;default&#8220; background_color=&#8220;#ff2179&#8243; custom_padding=&#8220;25px|25px|25px|25px|true|true&#8220; border_radii=&#8220;on|8px|8px|8px|8px&#8220; global_colors_info=&#8220;{}&#8220;][et_pb_blurb title=&#8220;SCHAFF DIR DEINEN TRAUMJOB!&#8220; image_icon_width=&#8220;25%&#8220; _builder_version=&#8220;4.16&#8243; _module_preset=&#8220;default&#8220; header_font=&#8220;Oswald|500||on|||||&#8220; header_text_align=&#8220;center&#8220; header_text_color=&#8220;#242b38&#8243; header_font_size=&#8220;30px&#8220; header_line_height=&#8220;1.4em&#8220; body_text_align=&#8220;left&#8220; body_text_color=&#8220;#FFFFFF&#8220; body_font_size=&#8220;16px&#8220; custom_margin=&#8220;||0px||false|false&#8220; custom_padding=&#8220;10px|10px|0px|10px|false|true&#8220; body_font_size_phone=&#8220;15px&#8220; body_font_size_last_edited=&#8220;off|desktop&#8220; image_max_width=&#8220;25%&#8220; global_colors_info=&#8220;{}&#8220;]<\/p>\n<p>Wir brauchen jedefrau und jedermann um erfolgreich zu sein. Du passt in keine Box? Kein Problem, wir auch nicht! Erz\u00e4hl uns von deinen Interessen und F\u00e4higkeiten und wir finden einen Platz f\u00fcr dich \ud83d\ude42!<\/p>\n<p>[\/et_pb_blurb][et_pb_button button_url=&#8220;#postuler&#8220; button_text=&#8220;BEWERBEN&#8220; button_alignment=&#8220;center&#8220; _builder_version=&#8220;4.16&#8243; _module_preset=&#8220;default&#8220; custom_button=&#8220;on&#8220; button_text_size=&#8220;18px&#8220; button_text_color=&#8220;#FFFFFF&#8220; button_bg_color=&#8220;#242b38&#8243; button_border_color=&#8220;#ff2179&#8243; button_border_radius=&#8220;6px&#8220; button_font=&#8220;|600||on|||||&#8220; custom_margin=&#8220;20px||7px||false|false&#8220; custom_padding=&#8220;||||false|false&#8220; button_text_size_tablet=&#8220;&#8220; button_text_size_phone=&#8220;18px&#8220; button_text_size_last_edited=&#8220;on|phone&#8220; global_colors_info=&#8220;{}&#8220;][\/et_pb_button][\/et_pb_column][\/et_pb_row][et_pb_row module_id=&#8220;postuler&#8220; _builder_version=&#8220;4.16&#8243; _module_preset=&#8220;default&#8220; custom_margin_tablet=&#8220;&#8220; custom_margin_phone=&#8220;&#8220; custom_margin_last_edited=&#8220;on|phone&#8220; locked=&#8220;off&#8220; global_colors_info=&#8220;{}&#8220;][et_pb_column type=&#8220;4_4&#8243; _builder_version=&#8220;4.16&#8243; _module_preset=&#8220;default&#8220; global_colors_info=&#8220;{}&#8220;][et_pb_text _builder_version=&#8220;4.16&#8243; _module_preset=&#8220;default&#8220; text_font=&#8220;Oswald|||on|||||&#8220; text_text_color=&#8220;#ff2179&#8243; text_font_size=&#8220;40px&#8220; text_line_height=&#8220;1.6em&#8220; header_font=&#8220;Oswald|||on|||||&#8220; header_2_font=&#8220;Oswald|||on|||||&#8220; header_2_text_color=&#8220;#303946&#8243; header_2_font_size=&#8220;40px&#8220; width=&#8220;80%&#8220; max_width=&#8220;80%&#8220; custom_margin=&#8220;60px||||false|false&#8220; custom_margin_tablet=&#8220;||0px||false|false&#8220; custom_margin_phone=&#8220;20px||0px||false|false&#8220; custom_margin_last_edited=&#8220;on|phone&#8220; custom_padding=&#8220;||||false|false&#8220; text_font_size_tablet=&#8220;&#8220; text_font_size_phone=&#8220;30px&#8220; text_font_size_last_edited=&#8220;on|phone&#8220; header_2_font_size_tablet=&#8220;&#8220; header_2_font_size_phone=&#8220;30px&#8220; header_2_font_size_last_edited=&#8220;on|phone&#8220; global_colors_info=&#8220;{}&#8220;]<\/p>\n<p>BEWIRB DICH!<\/p>\n<p>[\/et_pb_text][et_pb_code _builder_version=&#8220;4.16&#8243; _module_preset=&#8220;default&#8220; global_colors_info=&#8220;{}&#8220;]<pee><script charset=\"utf-8\" type=\"text\/javascript\" src=\"\/\/js.hsforms.net\/forms\/shell.js\"><\/script><\/pee><!-- [et_pb_line_break_holder] --><!-- [et_pb_line_break_holder] --><!-- [et_pb_line_break_holder] --><pee><script><!-- [et_pb_line_break_holder] -->  hbspt.forms.create({<!-- [et_pb_line_break_holder] -->                \tregion: \"na1\",<!-- [et_pb_line_break_holder] -->                \tportalId: \"8965705\",<!-- [et_pb_line_break_holder] -->                \tformId: \"65658500-2605-48fb-aa02-bc2a54f2e0b8\"<!-- [et_pb_line_break_holder] -->});<!-- [et_pb_line_break_holder] --><\/script><\/pee><!-- [et_pb_line_break_holder] --><!-- [et_pb_line_break_holder] -->[\/et_pb_code][\/et_pb_column][\/et_pb_row][\/et_pb_section]<\/p>\n","protected":false},"excerpt":{"rendered":"<p>Wir bauen an der Schweiz von morgen MACH MIT!Denkst du, die Sache lohnt sich? Dann werde Mitglied im Verein und\/oder spende deine Zeit im \u00a0Team von ServiceCitoyen.chKeine Zeit? Kein Problem! F\u00fcr die Professionalisierung unserer Aktivit\u00e4ten und das Voranbringen unseres Anliegens ben\u00f6tigen wir (auch) deine finanzielle Unterst\u00fctzung.Steter Tropfen h\u00f6hlt den Stein. Sprich mit deinem Umfeld, teile [&hellip;]<\/p>\n","protected":false},"author":4,"featured_media":0,"parent":0,"menu_order":0,"comment_status":"closed","ping_status":"closed","template":"","meta":{"_acf_changed":false,"_et_pb_use_builder":"on","_et_pb_old_content":"","_et_gb_content_width":"","content-type":"","om_disable_all_campaigns":false,"_monsterinsights_skip_tracking":false,"_monsterinsights_sitenote_active":false,"_monsterinsights_sitenote_note":"","_monsterinsights_sitenote_category":0,"_uf_show_specific_survey":0,"_uf_disable_surveys":false,"footnotes":""},"class_list":["post-36867","page","type-page","status-publish","hentry"],"acf":{"donation_amount":null,"signatures_amount":null},"aioseo_notices":[],"_donation_amount":"","_signatures_amount":"","donation_amount":"","signatures_amount":"","_links":{"self":[{"href":"https:\/\/milizengagement.ch\/de\/wp-json\/wp\/v2\/pages\/36867","targetHints":{"allow":["GET"]}}],"collection":[{"href":"https:\/\/milizengagement.ch\/de\/wp-json\/wp\/v2\/pages"}],"about":[{"href":"https:\/\/milizengagement.ch\/de\/wp-json\/wp\/v2\/types\/page"}],"author":[{"embeddable":true,"href":"https:\/\/milizengagement.ch\/de\/wp-json\/wp\/v2\/users\/4"}],"replies":[{"embeddable":true,"href":"https:\/\/milizengagement.ch\/de\/wp-json\/wp\/v2\/comments?post=36867"}],"version-history":[{"count":31,"href":"https:\/\/milizengagement.ch\/de\/wp-json\/wp\/v2\/pages\/36867\/revisions"}],"predecessor-version":[{"id":50660,"href":"https:\/\/milizengagement.ch\/de\/wp-json\/wp\/v2\/pages\/36867\/revisions\/50660"}],"wp:attachment":[{"href":"https:\/\/milizengagement.ch\/de\/wp-json\/wp\/v2\/media?parent=36867"}],"curies":[{"name":"wp","href":"https:\/\/api.w.org\/{rel}","templated":true}]}}